{"id":4482,"date":"2017-09-18T10:46:12","date_gmt":"2017-09-18T10:46:12","guid":{"rendered":"https:\/\/carlosbuenophotography.com\/?page_id=4482"},"modified":"2023-10-19T17:53:43","modified_gmt":"2023-10-19T17:53:43","slug":"sobre-mi","status":"publish","type":"page","link":"https:\/\/carlosbuenophotography.com\/es\/sobre-mi\/","title":{"rendered":"SOBRE MI"},"content":{"rendered":"<section class=\"wpb-content-wrapper\"><p>[vc_row equal_height=&#8221;yes&#8221; content_placement=&#8221;middle&#8221; css=&#8221;.vc_custom_1505137157448{padding-top: 50px !important;}&#8221;][vc_column css_animation=&#8221;fadeInLeft&#8221; width=&#8221;1\/2&#8243; css=&#8221;.vc_custom_1643575795697{border-right-width: 0px !important;padding-top: 250px !important;padding-bottom: 250px !important;background-image: url(https:\/\/promo-theme.com\/novo\/dark\/wp-content\/uploads-placeholder\/2017\/08\/about-img.jpg?id=12) !important;}&#8221; uniqid=&#8221;61f6f65d6c493&#8243;][vc_single_image image=&#8221;1508&#8243; img_size=&#8221;full&#8221;][\/vc_column][vc_column css_animation=&#8221;fadeInRight&#8221; width=&#8221;1\/2&#8243; css=&#8221;.vc_custom_1643576068296{padding-top: 50px !important;padding-right: 60px !important;padding-bottom: 80px !important;padding-left: 60px !important;background-color: #121212 !important;}&#8221; uniqid=&#8221;61f6f5b5525d7&#8243;]      <div class=\"heading-block heading-5d67b7780c108 tal h-h4 with-line vc_custom_1696021575167  wpb_animate_when_almost_visible wpb_fadeInRight fadeInRight\">\n                  <h4 class=\"h\">Hola! Soy Carlos Bueno,<br \/>\n<span>Fot\u00f3grafo en Burdeos<\/span><\/h4>\n              <\/div>\n    [vc_column_text css_animation=&#8221;bounceIn&#8221;]Desde peque\u00f1o siempre estuve en contacto con el mundo de la fotograf\u00eda de alguna u otra manera. Varios a\u00f1os de estudios en la Escuela de Artes y Oficios San Telmo de M\u00e1laga me ense\u00f1aron a educar mi visi\u00f3n a trav\u00e9s de las ense\u00f1anzas de reconocidos profesores del panorama art\u00edstico.<\/p>\n<p>Hace m\u00e1s de diez a\u00f1os que estoy afincado en la ciudad de Burdeos, donde actualmente trabajo en Fotograf\u00eda Gastron\u00f3mica, Comercial e Inmobiliaria entre otras tantas disciplinas con clientes muy importantes en el sector comercial donde he demostrado una amplia versatilidad en todos los proyectos que he participado. Siempre doy el m\u00e1ximo en mi trabajo para traducir los conceptos e ideas del cliente en el producto final.<\/p>\n<p>Pero despues de haberte hablado un poco de mi, es de tu proyecto del que debemos hablar.<br \/>\nCont\u00e1ctame r\u00e1pidamente y sin dudarlo, mi agenda se suele llenar muy r\u00e1pido.[\/vc_column_text]      <div class=\"button-container button-5d67b7c8992ea left\">\n        <a class=\"button-style1 round-medium\" href=\"https:\/\/carlosbuenophotography.com\/es\/faq\/\" target=\"_self\">\n          <span>FAQ<\/span>\n        <\/a>\n      <\/div>\n    [\/vc_column][\/vc_row][vc_row equal_height=&#8221;yes&#8221; content_placement=&#8221;middle&#8221; css=&#8221;.vc_custom_1505376354305{padding-top: 50px !important;padding-bottom: 50px !important;}&#8221;][vc_column css_animation=&#8221;fadeInLeft&#8221; width=&#8221;1\/2&#8243; css=&#8221;.vc_custom_1643577129586{border-bottom-width: 80px !important;padding-top: 80px !important;padding-right: 40px !important;padding-bottom: 80px !important;padding-left: 40px !important;background-color: #121212 !important;}&#8221; uniqid=&#8221;61f6ff1162da3&#8243;]      <div class=\"heading-block heading-5d67b7d65a517 tac h-h3 with-line vc_custom_1695849305983\">\n                  <h3 class=\"h\">Mis Habilidades<\/h3>\n              <\/div>\n    [vc_row_inner][vc_column_inner width=&#8221;1\/2&#8243;]<div class=\"skill-item-line  wpb_animate_when_almost_visible wpb_fadeIn fadeIn\"><h6>Foto Culinaria<\/h6><div class=\"line\"><div style=\"width: 95%;\"><span>95%<\/span><\/div><\/div><p>Alta experiencia en Fotograf\u00eda Culinaria, Luz Natural, Studio, Food Stilist y Creatividad.<\/p><\/div>[\/vc_column_inner][vc_column_inner width=&#8221;1\/2&#8243;]<div class=\"skill-item-line \"><h6>Inmobiliaria<\/h6><div class=\"line\"><div style=\"width: 90%;\"><span>90%<\/span><\/div><\/div><p>Equilibrio perfecto entre habilidades t\u00e9cnicas y creativas para realzar el valor de hogares y espacios.<\/p><\/div>[\/vc_column_inner][\/vc_row_inner][vc_row_inner][vc_column_inner width=&#8221;1\/2&#8243;]<div class=\"skill-item-line \"><h6>Lifestyle<\/h6><div class=\"line\"><div style=\"width: 80%;\"><span>80%<\/span><\/div><\/div><p>Experiencia en Foto Corporativa y Lifestyle, tanto publicitarios como de estilo casual.<\/p><\/div>[\/vc_column_inner][vc_column_inner width=&#8221;1\/2&#8243;]<div class=\"skill-item-line \"><h6>V\u00eddeo<\/h6><div class=\"line\"><div style=\"width: 75%;\"><span>75%<\/span><\/div><\/div><p>Equipos profesionales de video y audio para la producci\u00f3n de spots promocionales o entrevistas.<\/p><\/div>[\/vc_column_inner][\/vc_row_inner][\/vc_column][vc_column css_animation=&#8221;fadeInRight&#8221; width=&#8221;1\/2&#8243; css=&#8221;.vc_custom_1643575096322{border-right-width: 0px !important;padding-top: 0px !important;padding-bottom: 250px !important;background-image: url(https:\/\/promo-theme.com\/novo\/dark\/wp-content\/uploads-placeholder\/2017\/08\/about-img3.jpg?id=14) !important;}&#8221; uniqid=&#8221;61f6f73407f76&#8243;][vc_single_image image=&#8221;3171&#8243; img_size=&#8221;full&#8221; alignment=&#8221;right&#8221; css_animation=&#8221;fadeInUp&#8221;][\/vc_column][\/vc_row][vc_row][vc_column css_animation=&#8221;fadeInUp&#8221; css=&#8221;.vc_custom_1506084158646{padding-bottom: 20px !important;}&#8221;]      <div class=\"heading-block heading-61f47d0e82d66 tac h-h2 vc_custom_1695849625373\">\n                  <h2 class=\"h\">Estos son algunos de mis clientes<\/h2>\n              <\/div>\n    [vc_column_text]\n\t\t<style>\n\t\t\t#wpls-logo-showcase-slider-1 .wpls-fix-box,\n\t\t\t#wpls-logo-showcase-slider-1 .wpls-fix-box img.wp-post-image{max-height:250px; }\n\t\t<\/style>\n\n\t\t<div class=\"wpls-wrap wpls-logo-showcase-slider-wrp wpls-logo-clearfix wpls-design-1 \" data-conf=\"{&quot;slides_column&quot;:4,&quot;slides_scroll&quot;:1,&quot;dots&quot;:&quot;false&quot;,&quot;arrows&quot;:&quot;true&quot;,&quot;autoplay&quot;:&quot;true&quot;,&quot;autoplay_interval&quot;:3000,&quot;loop&quot;:&quot;true&quot;,&quot;rtl&quot;:&quot;false&quot;,&quot;speed&quot;:800,&quot;center_mode&quot;:&quot;false&quot;,&quot;lazyload&quot;:&quot;&quot;}\">\n\t\t\t<div class=\"wpls-logo-showcase logo_showcase wpls-logo-slider  sliderimage_hide_border wpls-dots-false\" id=\"wpls-logo-showcase-slider-1\" >\n\t\t\t\t<div class=\"wpls-logo-cnt\">\n\t<div class=\"wpls-fix-box\">\n\t\t\t\t<img class=\"wp-post-image\"  src=\"https:\/\/carlosbuenophotography.com\/wp-content\/uploads\/2022\/01\/Ocus.png\" alt=\"\" \/>\n\t\t\t<\/div>\n\t<\/div><div class=\"wpls-logo-cnt\">\n\t<div class=\"wpls-fix-box\">\n\t\t\t\t<img class=\"wp-post-image\"  src=\"https:\/\/carlosbuenophotography.com\/wp-content\/uploads\/2022\/01\/Airbnb2.png\" alt=\"\" \/>\n\t\t\t<\/div>\n\t<\/div><div class=\"wpls-logo-cnt\">\n\t<div class=\"wpls-fix-box\">\n\t\t\t\t<img class=\"wp-post-image\"  src=\"https:\/\/carlosbuenophotography.com\/wp-content\/uploads\/2022\/01\/Wecandoo.png\" alt=\"\" \/>\n\t\t\t<\/div>\n\t<\/div><div class=\"wpls-logo-cnt\">\n\t<div class=\"wpls-fix-box\">\n\t\t\t\t<img class=\"wp-post-image\"  src=\"https:\/\/carlosbuenophotography.com\/wp-content\/uploads\/2022\/01\/Zenchef.png\" alt=\"\" \/>\n\t\t\t<\/div>\n\t<\/div><div class=\"wpls-logo-cnt\">\n\t<div class=\"wpls-fix-box\">\n\t\t\t\t<img class=\"wp-post-image\"  src=\"https:\/\/carlosbuenophotography.com\/wp-content\/uploads\/2022\/01\/Welkeys.png\" alt=\"\" \/>\n\t\t\t<\/div>\n\t<\/div><div class=\"wpls-logo-cnt\">\n\t<div class=\"wpls-fix-box\">\n\t\t\t\t<img class=\"wp-post-image\"  src=\"https:\/\/carlosbuenophotography.com\/wp-content\/uploads\/2022\/01\/NouvelleAquitaine.png\" alt=\"\" \/>\n\t\t\t<\/div>\n\t<\/div><div class=\"wpls-logo-cnt\">\n\t<div class=\"wpls-fix-box\">\n\t\t\t\t<img class=\"wp-post-image\"  src=\"https:\/\/carlosbuenophotography.com\/wp-content\/uploads\/2023\/10\/marie-claire-logo-black-and-white.png\" alt=\"\" \/>\n\t\t\t<\/div>\n\t<\/div><div class=\"wpls-logo-cnt\">\n\t<div class=\"wpls-fix-box\">\n\t\t\t\t<img class=\"wp-post-image\"  src=\"https:\/\/carlosbuenophotography.com\/wp-content\/uploads\/2023\/10\/forbes-logo-black-and-white-2.png\" alt=\"\" \/>\n\t\t\t<\/div>\n\t<\/div><div class=\"wpls-logo-cnt\">\n\t<div class=\"wpls-fix-box\">\n\t\t\t\t<img class=\"wp-post-image\"  src=\"https:\/\/carlosbuenophotography.com\/wp-content\/uploads\/2023\/10\/GreenInlineCCLogo-800x132-3.png\" alt=\"\" \/>\n\t\t\t<\/div>\n\t<\/div><div class=\"wpls-logo-cnt\">\n\t<div class=\"wpls-fix-box\">\n\t\t\t\t<img class=\"wp-post-image\"  src=\"https:\/\/carlosbuenophotography.com\/wp-content\/uploads\/2023\/10\/Madame_Figaro_WHITE.svg_.png\" alt=\"\" \/>\n\t\t\t<\/div>\n\t<\/div>\t\t\t<\/div>\n\t\t<\/div>\n\n\t\t[\/vc_column_text][vc_empty_space][\/vc_column][\/vc_row][vc_row][vc_column css_animation=&#8221;fadeInUp&#8221; css=&#8221;.vc_custom_1506084158646{padding-bottom: 20px !important;}&#8221;][\/vc_column][\/vc_row][vc_row][vc_column]      <div class=\"heading-block heading-61da9d3d1f8ee tac h-h3 with-line\">\n                  <h3 class=\"h\">\u00bfPor qu\u00e9 elegirme?<\/h3>\n              <\/div>\n    [vc_row_inner][vc_column_inner width=&#8221;1\/3&#8243;][vc_icon icon_fontawesome=&#8221;web-application-icon-award-badge-1&#8243; color=&#8221;white&#8221; background_style=&#8221;rounded-outline&#8221; size=&#8221;xl&#8221; align=&#8221;center&#8221; css_animation=&#8221;bounceIn&#8221;][vc_custom_heading text=&#8221;EXPERIENCIA&#8221; font_container=&#8221;tag:h6|text_align:center|color:%23ffffff&#8221; use_theme_fonts=&#8221;yes&#8221;][vc_column_text]<\/p>\n<p style=\"text-align: center;\">15 A\u00f1os trabajando en el sector como Fot\u00f3grafo.<\/p>\n<p>[\/vc_column_text][\/vc_column_inner][vc_column_inner width=&#8221;1\/3&#8243;][vc_icon icon_fontawesome=&#8221;web-application-icon-basic-calculator&#8221; color=&#8221;white&#8221; background_style=&#8221;rounded-outline&#8221; size=&#8221;xl&#8221; align=&#8221;center&#8221; css_animation=&#8221;bounceIn&#8221;][vc_custom_heading text=&#8221;PRESUPUESTO PERSONALIZADO&#8221; font_container=&#8221;tag:h6|text_align:center|color:%23ffffff&#8221; use_theme_fonts=&#8221;yes&#8221;][vc_column_text]<\/p>\n<p style=\"text-align: center;\">Escucha activa del cliente; El presupuesto siempre estar\u00e1 ajustado a las necesidades del proyecto.<\/p>\n<p>[\/vc_column_text][\/vc_column_inner][vc_column_inner width=&#8221;1\/3&#8243;][vc_icon icon_fontawesome=&#8221;photo-icon-timer&#8221; color=&#8221;white&#8221; background_style=&#8221;rounded-outline&#8221; size=&#8221;xl&#8221; align=&#8221;center&#8221; css_animation=&#8221;bounceIn&#8221;][vc_custom_heading text=&#8221;24H \/ 48H&#8221; font_container=&#8221;tag:h6|text_align:center|color:%23ffffff&#8221; use_theme_fonts=&#8221;yes&#8221;][vc_column_text]<\/p>\n<p style=\"text-align: center;\">Tus fotos listas en dos dias m\u00e1ximo dependiendo del tama\u00f1o del proyecto.<\/p>\n<p>[\/vc_column_text][\/vc_column_inner][\/vc_row_inner][vc_row_inner][vc_column_inner width=&#8221;1\/3&#8243;][vc_icon icon_fontawesome=&#8221;photo-icon-camera-top-view&#8221; color=&#8221;white&#8221; background_style=&#8221;rounded-outline&#8221; size=&#8221;xl&#8221; align=&#8221;center&#8221; css_animation=&#8221;bounceIn&#8221;][vc_custom_heading text=&#8221;EQUIPAMIENTO PROFESIONAL&#8221; font_container=&#8221;tag:h6|text_align:center|color:%23ffffff&#8221; use_theme_fonts=&#8221;yes&#8221;][vc_column_text]<\/p>\n<p style=\"text-align: center;\">Equipamiento y T\u00e9cnicas de Alta Gama: Capturando cada detalle.<\/p>\n<p>[\/vc_column_text][\/vc_column_inner][vc_column_inner width=&#8221;1\/3&#8243;][vc_icon icon_fontawesome=&#8221;multimedia-icon-download-1&#8243; color=&#8221;white&#8221; background_style=&#8221;rounded-outline&#8221; size=&#8221;xl&#8221; align=&#8221;center&#8221; css_animation=&#8221;bounceIn&#8221;][vc_custom_heading text=&#8221;ESPACIO DE DESCARGA PRIVADO&#8221; font_container=&#8221;tag:h6|text_align:center|color:%23ffffff&#8221; use_theme_fonts=&#8221;yes&#8221;][vc_column_text]<\/p>\n<p style=\"text-align: center;\">Descarga tus fotos desde la web una vez finalizado el proyecto.<\/p>\n<p>[\/vc_column_text][\/vc_column_inner][vc_column_inner width=&#8221;1\/3&#8243;][vc_icon icon_fontawesome=&#8221;web-application-icon-unfolded-map-with-location-mark&#8221; color=&#8221;white&#8221; background_style=&#8221;rounded-outline&#8221; size=&#8221;xl&#8221; align=&#8221;center&#8221; css_animation=&#8221;bounceIn&#8221;][vc_custom_heading text=&#8221;DESPLAZAMIENTO HASTA EL CLIENTE&#8221; font_container=&#8221;tag:h6|text_align:center|color:%23ffffff&#8221; use_theme_fonts=&#8221;yes&#8221;][vc_column_text]<\/p>\n<p style=\"text-align: center;\">Desplazamiento posible para proyectos de mayor tama\u00f1o.<\/p>\n<p>[\/vc_column_text][\/vc_column_inner][\/vc_row_inner][\/vc_column][\/vc_row][vc_row][vc_column][vc_column_text]<iframe loading=\"lazy\" style=\"border: 0;\" src=\"https:\/\/www.google.com\/maps\/embed?pb=!1m18!1m12!1m3!1d2830.1961391559403!2d-0.554426784262963!3d44.81756868437634!2m3!1f0!2f0!3f0!3m2!1i1024!2i768!4f13.1!3m3!1m2!1s0xd55265a37ca5be1%3A0x536730fb5904da25!2s5%20Rue%20Emile%20Maurel%2C%2033800%20Bordeaux%2C%20Francia!5e0!3m2!1ses!2ses!4v1642248869186!5m2!1ses!2ses\" width=\"100%\" height=\"450\" allowfullscreen=\"allowfullscreen\"><\/iframe>[\/vc_column_text][\/vc_column][\/vc_row]<\/p>\n<\/section>","protected":false},"excerpt":{"rendered":"<p>[vc_row equal_height=&#8221;yes&#8221; content_placement=&#8221;middle&#8221; css=&#8221;.vc_custom_1505137157448{padding-top: 50px !important;}&#8221;][vc_column css_animation=&#8221;fadeInLeft&#8221; width=&#8221;1\/2&#8243; css=&#8221;.vc_custom_1643575795697{border-right-width: 0px !important;padding-top: 250px !important;padding-bottom: 250px !important;background-image: url(https:\/\/promo-theme.com\/novo\/dark\/wp-content\/uploads-placeholder\/2017\/08\/about-img.jpg?id=12) !important;}&#8221; uniqid=&#8221;61f6f65d6c493&#8243;][vc_single_image image=&#8221;1508&#8243; img_size=&#8221;full&#8221;][\/vc_column][vc_column css_animation=&#8221;fadeInRight&#8221; width=&#8221;1\/2&#8243; css=&#8221;.vc_custom_1643576068296{padding-top: 50px !important;padding-right: 60px !important;padding-bottom: 80px !important;padding-left: 60px !important;background-color: #121212 !important;}&#8221; uniqid=&#8221;61f6f5b5525d7&#8243;][vc_column_text css_animation=&#8221;bounceIn&#8221;]Desde peque\u00f1o siempre estuve en contacto con el mundo de la fotograf\u00eda de alguna u otra manera. Varios a\u00f1os de estudios [&hellip;]<\/p>\n","protected":false},"author":2,"featured_media":0,"parent":0,"menu_order":0,"comment_status":"closed","ping_status":"closed","template":"template-landing.php","meta":[],"acf":[],"_links":{"self":[{"href":"https:\/\/carlosbuenophotography.com\/es\/wp-json\/wp\/v2\/pages\/4482"}],"collection":[{"href":"https:\/\/carlosbuenophotography.com\/es\/wp-json\/wp\/v2\/pages"}],"about":[{"href":"https:\/\/carlosbuenophotography.com\/es\/wp-json\/wp\/v2\/types\/page"}],"author":[{"embeddable":true,"href":"https:\/\/carlosbuenophotography.com\/es\/wp-json\/wp\/v2\/users\/2"}],"replies":[{"embeddable":true,"href":"https:\/\/carlosbuenophotography.com\/es\/wp-json\/wp\/v2\/comments?post=4482"}],"version-history":[{"count":11,"href":"https:\/\/carlosbuenophotography.com\/es\/wp-json\/wp\/v2\/pages\/4482\/revisions"}],"predecessor-version":[{"id":4484,"href":"https:\/\/carlosbuenophotography.com\/es\/wp-json\/wp\/v2\/pages\/4482\/revisions\/4484"}],"wp:attachment":[{"href":"https:\/\/carlosbuenophotography.com\/es\/wp-json\/wp\/v2\/media?parent=4482"}],"curies":[{"name":"wp","href":"https:\/\/api.w.org\/{rel}","templated":true}]}}